{"id":4321,"date":"2024-08-27T11:40:33","date_gmt":"2024-08-27T11:40:33","guid":{"rendered":"https:\/\/chuecadiversa.es\/sites-of-interest\/"},"modified":"2025-03-28T15:03:28","modified_gmt":"2025-03-28T15:03:28","slug":"sites-of-interest","status":"publish","type":"page","link":"https:\/\/chuecadiversa.es\/en\/sites-of-interest\/","title":{"rendered":"Sites of Interest"},"content":{"rendered":"\t\t<div data-elementor-type=\"wp-page\" data-elementor-id=\"4321\" class=\"elementor elementor-4321 elementor-1619\" data-elementor-post-type=\"page\">\n\t\t\t\t\t\t<section class=\"elementor-section elementor-top-section elementor-element elementor-element-25e21851 elementor-section-height-min-height elementor-reverse-mobile elementor-section-boxed elementor-section-height-default elementor-section-items-middle\" data-id=\"25e21851\" data-element_type=\"section\" data-e-type=\"section\" data-settings=\"{&quot;background_background&quot;:&quot;classic&quot;,&quot;jet_parallax_layout_list&quot;:[]}\">\n\t\t\t\t\t\t\t<div class=\"elementor-background-overlay\"><\/div>\n\t\t\t\t\t\t\t<div class=\"elementor-container elementor-column-gap-default\">\n\t\t\t\t\t<div class=\"elementor-column elementor-col-100 elementor-top-column elementor-element elementor-element-55cad503\" data-id=\"55cad503\" data-element_type=\"column\" data-e-type=\"column\">\n\t\t\t<div class=\"elementor-widget-wrap elementor-element-populated\">\n\t\t\t\t\t\t<div class=\"elementor-element elementor-element-222dca69 elementor-invisible elementor-widget elementor-widget-heading\" data-id=\"222dca69\" data-element_type=\"widget\" data-e-type=\"widget\" data-settings=\"{&quot;_animation&quot;:&quot;fadeInUp&quot;}\" data-widget_type=\"heading.default\">\n\t\t\t\t<div class=\"elementor-widget-container\">\n\t\t\t\t\t<h2 class=\"elementor-heading-title elementor-size-default\">Chueca Diversa. The Neighborhood of Diversity <\/h2>\t\t\t\t<\/div>\n\t\t\t\t<\/div>\n\t\t\t\t\t<\/div>\n\t\t<\/div>\n\t\t\t\t\t<\/div>\n\t\t<\/section>\n\t\t\t\t<section class=\"elementor-section elementor-top-section elementor-element elementor-element-1b33fd6c elementor-section-boxed elementor-section-height-default elementor-section-height-default\" data-id=\"1b33fd6c\" data-element_type=\"section\" data-e-type=\"section\" data-settings=\"{&quot;jet_parallax_layout_list&quot;:[]}\">\n\t\t\t\t\t\t<div class=\"elementor-container elementor-column-gap-default\">\n\t\t\t\t\t<div class=\"elementor-column elementor-col-100 elementor-top-column elementor-element elementor-element-3bb11b95\" data-id=\"3bb11b95\" data-element_type=\"column\" data-e-type=\"column\">\n\t\t\t<div class=\"elementor-widget-wrap elementor-element-populated\">\n\t\t\t\t\t\t<div class=\"elementor-element elementor-element-2f0c8e03 elementor-widget elementor-widget-text-editor\" data-id=\"2f0c8e03\" data-element_type=\"widget\" data-e-type=\"widget\" data-widget_type=\"text-editor.default\">\n\t\t\t\t<div class=\"elementor-widget-container\">\n\t\t\t\t\t\t\t\t\t<p>Its name alone evokes freedom and welcome. Chueca is much more than a neighborhood, it is a reference point for the LGTBI+ movement worldwide. Here began a trend towards visibility that is now unstoppable, a way of life based on respect.  <\/p><p>A few decades ago, bars, restaurants and different businesses, such as bookstores and fashion stores, specialized in the LGBT+ world began to set up in the area. Among them, some are already a symbol, such as the Berkana bookstore, or the Black &amp; White entertainment venue, among others. Their presence, at first, surprised the long-time neighbors, who have been privileged witnesses of the transformation of their neighborhood into an epicenter of tolerance and modernity. A place where they enjoy a lifestyle free of prejudice and exclusion. The neighborhood is one of the most cosmopolitan and vibrant areas of Madrid. The Plaza de Chueca is its nerve center. Also, the Pedro Zerolo square, which since 2015 bears the name of one of the activists who worked hardest in defense of the rights of the LGTBI+ community in Spain.      <\/p><p>Avant-garde art galleries, trendy fashion stores such as Rub\u00e9n Galarreta, international cuisine restaurants such as Angelita Madrid or Diurno, markets like San Ant\u00f3n where gastronomy is mixed with commerce and lively terraces flood every street and corner, with a hectic life, day and night. Because the night here boasts of being one of the most fun. <\/p><p>The surrounding areas merge their energy and vitality with the neighborhood of Chueca and offer visitors a wide and diverse offer difficult to match. This is the case of Calle Fuencarral, the undisputed protagonist of <em>shopping <\/em>in Madrid, Malasa\u00f1a, where the most emerging creators meet, and Salesas, one of the capital&#8217;s elegant neighborhoods. <\/p>\t\t\t\t\t\t\t\t<\/div>\n\t\t\t\t<\/div>\n\t\t\t\t\t<\/div>\n\t\t<\/div>\n\t\t\t\t\t<\/div>\n\t\t<\/section>\n\t\t\t\t<section class=\"elementor-section elementor-top-section elementor-element elementor-element-5bb1e186 elementor-section-boxed elementor-section-height-default elementor-section-height-default\" data-id=\"5bb1e186\" data-element_type=\"section\" data-e-type=\"section\" data-settings=\"{&quot;jet_parallax_layout_list&quot;:[]}\">\n\t\t\t\t\t\t<div class=\"elementor-container elementor-column-gap-default\">\n\t\t\t\t\t<div class=\"elementor-column elementor-col-100 elementor-top-column elementor-element elementor-element-1dd98d2\" data-id=\"1dd98d2\" data-element_type=\"column\" data-e-type=\"column\">\n\t\t\t<div class=\"elementor-widget-wrap elementor-element-populated\">\n\t\t\t\t\t\t<div class=\"elementor-element elementor-element-765f266f elementor-invisible elementor-widget elementor-widget-text-editor\" data-id=\"765f266f\" data-element_type=\"widget\" data-e-type=\"widget\" data-settings=\"{&quot;_animation&quot;:&quot;fadeInUp&quot;}\" data-widget_type=\"text-editor.default\">\n\t\t\t\t<div class=\"elementor-widget-container\">\n\t\t\t\t\t\t\t\t\t<p>DISCOVER DIVERSE CHUECA<\/p>\t\t\t\t\t\t\t\t<\/div>\n\t\t\t\t<\/div>\n\t\t\t\t<div class=\"elementor-element elementor-element-7b7f1e6a elementor-invisible elementor-widget elementor-widget-heading\" data-id=\"7b7f1e6a\" data-element_type=\"widget\" data-e-type=\"widget\" data-settings=\"{&quot;_animation&quot;:&quot;fadeInUp&quot;,&quot;_animation_delay&quot;:200}\" data-widget_type=\"heading.default\">\n\t\t\t\t<div class=\"elementor-widget-container\">\n\t\t\t\t\t<h2 class=\"elementor-heading-title elementor-size-default\">Places of Interest<\/h2>\t\t\t\t<\/div>\n\t\t\t\t<\/div>\n\t\t\t\t<section class=\"elementor-section elementor-inner-section elementor-element elementor-element-68a226b7 elementor-section-boxed elementor-section-height-default elementor-section-height-default\" data-id=\"68a226b7\" data-element_type=\"section\" data-e-type=\"section\" data-settings=\"{&quot;jet_parallax_layout_list&quot;:[]}\">\n\t\t\t\t\t\t<div class=\"elementor-container elementor-column-gap-default\">\n\t\t\t\t\t<div class=\"elementor-column elementor-col-33 elementor-inner-column elementor-element elementor-element-21fa1c61\" data-id=\"21fa1c61\" data-element_type=\"column\" data-e-type=\"column\">\n\t\t\t<div class=\"elementor-widget-wrap elementor-element-populated\">\n\t\t\t\t\t\t<div class=\"elementor-element elementor-element-6fa7e57 elementor-invisible elementor-widget elementor-widget-image\" data-id=\"6fa7e57\" data-element_type=\"widget\" data-e-type=\"widget\" data-settings=\"{&quot;_animation&quot;:&quot;fadeInUp&quot;}\" data-widget_type=\"image.default\">\n\t\t\t\t<div class=\"elementor-widget-container\">\n\t\t\t\t\t\t\t\t\t\t\t\t\t\t\t<img decoding=\"async\" src=\"https:\/\/chuecadiversa.es\/wp-content\/uploads\/elementor\/thumbs\/PLAZA-CHUECA-r4dcit9fy6b0qpby9tt5qwzlyvfktcd8ldrh2yl288.webp\" title=\"PLAZA-CHUECA.png\" alt=\"PLAZA-CHUECA.png\" loading=\"lazy\" \/>\t\t\t\t\t\t\t\t\t\t\t\t\t\t\t<\/div>\n\t\t\t\t<\/div>\n\t\t\t\t\t<\/div>\n\t\t<\/div>\n\t\t\t\t<div class=\"elementor-column elementor-col-66 elementor-inner-column elementor-element elementor-element-2b7b6048\" data-id=\"2b7b6048\" data-element_type=\"column\" data-e-type=\"column\">\n\t\t\t<div class=\"elementor-widget-wrap elementor-element-populated\">\n\t\t\t\t\t\t<div class=\"elementor-element elementor-element-34d32edc elementor-invisible elementor-widget elementor-widget-heading\" data-id=\"34d32edc\" data-element_type=\"widget\" data-e-type=\"widget\" data-settings=\"{&quot;_animation&quot;:&quot;fadeInUp&quot;,&quot;_animation_delay&quot;:200}\" data-widget_type=\"heading.default\">\n\t\t\t\t<div class=\"elementor-widget-container\">\n\t\t\t\t\t<h2 class=\"elementor-heading-title elementor-size-default\">Chueca Square<\/h2>\t\t\t\t<\/div>\n\t\t\t\t<\/div>\n\t\t\t\t<div class=\"elementor-element elementor-element-47a6f76f elementor-invisible elementor-widget elementor-widget-text-editor\" data-id=\"47a6f76f\" data-element_type=\"widget\" data-e-type=\"widget\" data-settings=\"{&quot;_animation&quot;:&quot;fadeInUp&quot;,&quot;_animation_delay&quot;:400}\" data-widget_type=\"text-editor.default\">\n\t\t\t\t<div class=\"elementor-widget-container\">\n\t\t\t\t\t\t\t\t\t<p>The Plaza de Chueca is the nerve center of the Chueca neighborhood, which since 1943 has paid tribute to the Madrid composer Federico Chueca.<\/p><p>The square is full of terraces when the weather is good and around it revolves the life of the neighborhood. We can find the centenary Bodega Angel Sierra, a bar that retains intact all its charm of 1900 and where you can take the vermouth of Reus. The barEscape is a legendary establishment in the neighborhood aimed especially at the lesbian public or the Chuequita are some of the bars and terraces that together with other locals make this square a meeting point, leisure and shopping.  <\/p><p>This square is the heart of the LGTB neighborhood of Madrid; but why does Chueca bring together the restaurants, bars and the atmosphere of the collective? Even after Franco&#8217;s dictatorship, and with the transition to democracy behind us, Chueca was still a marginal and unsafe neighborhood. With the passage of time, Chueca was leaving aside the dark bars and the <strong>rainbow flags<\/strong> were flooding the stores, the balconies, the bars, the bookstores?    <\/p><p>In general, a <strong>new, modern and rejuvenating air<\/strong> had arrived to stay in a neighborhood that nobody wanted to live in before. In short, LGTB people were relegated to a marginal neighborhood, which was the only place where they were allowed to be; thus, the people of the collective changed the neighborhood, gave it a new life, and made Chueca what it is now: a historical landmark representing the LGTB struggle. <\/p>\t\t\t\t\t\t\t\t<\/div>\n\t\t\t\t<\/div>\n\t\t\t\t\t<\/div>\n\t\t<\/div>\n\t\t\t\t\t<\/div>\n\t\t<\/section>\n\t\t\t\t<section class=\"elementor-section elementor-inner-section elementor-element elementor-element-5c74a212 elementor-section-boxed elementor-section-height-default elementor-section-height-default\" data-id=\"5c74a212\" data-element_type=\"section\" data-e-type=\"section\" data-settings=\"{&quot;jet_parallax_layout_list&quot;:[]}\">\n\t\t\t\t\t\t<div class=\"elementor-container elementor-column-gap-default\">\n\t\t\t\t\t<div class=\"elementor-column elementor-col-66 elementor-inner-column elementor-element elementor-element-62f054b2\" data-id=\"62f054b2\" data-element_type=\"column\" data-e-type=\"column\">\n\t\t\t<div class=\"elementor-widget-wrap elementor-element-populated\">\n\t\t\t\t\t\t<div class=\"elementor-element elementor-element-217dbb05 elementor-invisible elementor-widget elementor-widget-heading\" data-id=\"217dbb05\" data-element_type=\"widget\" data-e-type=\"widget\" data-settings=\"{&quot;_animation&quot;:&quot;fadeInUp&quot;,&quot;_animation_delay&quot;:200}\" data-widget_type=\"heading.default\">\n\t\t\t\t<div class=\"elementor-widget-container\">\n\t\t\t\t\t<h2 class=\"elementor-heading-title elementor-size-default\">Pedro Zerolo Square<\/h2>\t\t\t\t<\/div>\n\t\t\t\t<\/div>\n\t\t\t\t<div class=\"elementor-element elementor-element-44a3d94 elementor-invisible elementor-widget elementor-widget-text-editor\" data-id=\"44a3d94\" data-element_type=\"widget\" data-e-type=\"widget\" data-settings=\"{&quot;_animation&quot;:&quot;fadeInUp&quot;,&quot;_animation_delay&quot;:400}\" data-widget_type=\"text-editor.default\">\n\t\t\t\t<div class=\"elementor-widget-container\">\n\t\t\t\t\t\t\t\t\t<p>Pedro Zerolo Square, in honor of the politician Pedro Zerolo, one of the most important and recognized activists in the LGTBI+ struggle in Spain, was one of the promoters of the same-sex marriage law, approved on July 3, 2005, as well as responsible for the sexual identity law that recognized the right of transgender people.<\/p><p>In it, every year the famous LGTBI Pride proclamation takes place. Among the terraces surrounding the square, there are different establishments that form a fun mosaic where you can have an aperitif or lunch and dinner. <\/p><p>The square&#8217;s parking lot features a large red ribbon (symbol of the fight against HIV) at the entrance, designed by architect Teresa Sapey, and its colorful interior includes quotes from Dante&#8217;s <em>Divine Comedy <\/em>.<\/p><p>This well-known square is one of the epicenters of the Chueca neighborhood and it is where most of the activities that take place during the Gay Pride festivities take place; among them, the opening speech. In 2015, the Plenary of the Madrid City Council approved to change the name of the square to &#8220;Plaza de Pedro Zerolo&#8221;, in tribute to the PSOE councilman and activist for LGBT rights. Pedro Zerolo is considered one of the most important LGBT activists in the history of Spain, as well as one of the greatest promoters of the extension of the right to marriage and adoption for homosexual couples in the country.  <\/p>\t\t\t\t\t\t\t\t<\/div>\n\t\t\t\t<\/div>\n\t\t\t\t\t<\/div>\n\t\t<\/div>\n\t\t\t\t<div class=\"elementor-column elementor-col-33 elementor-inner-column elementor-element elementor-element-520384f3\" data-id=\"520384f3\" data-element_type=\"column\" data-e-type=\"column\">\n\t\t\t<div class=\"elementor-widget-wrap elementor-element-populated\">\n\t\t\t\t\t\t<div class=\"elementor-element elementor-element-6c98b592 elementor-invisible elementor-widget elementor-widget-image\" data-id=\"6c98b592\" data-element_type=\"widget\" data-e-type=\"widget\" data-settings=\"{&quot;_animation&quot;:&quot;fadeInUp&quot;}\" data-widget_type=\"image.default\">\n\t\t\t\t<div class=\"elementor-widget-container\">\n\t\t\t\t\t\t\t\t\t\t\t\t\t\t\t<img decoding=\"async\" src=\"https:\/\/chuecadiversa.es\/wp-content\/uploads\/elementor\/thumbs\/PLAZA-PEDRO-ZEROLO-r4dci7n5kzhfbo7cs2gqnkg0b0e4wazeuerb1lh47c.webp\" title=\"PLAZA-PEDRO-ZEROLO.png\" alt=\"PLAZA-PEDRO-ZEROLO.png\" loading=\"lazy\" \/>\t\t\t\t\t\t\t\t\t\t\t\t\t\t\t<\/div>\n\t\t\t\t<\/div>\n\t\t\t\t\t<\/div>\n\t\t<\/div>\n\t\t\t\t\t<\/div>\n\t\t<\/section>\n\t\t\t\t<section class=\"elementor-section elementor-inner-section elementor-element elementor-element-6e015795 elementor-section-boxed elementor-section-height-default elementor-section-height-default\" data-id=\"6e015795\" data-element_type=\"section\" data-e-type=\"section\" data-settings=\"{&quot;jet_parallax_layout_list&quot;:[]}\">\n\t\t\t\t\t\t<div class=\"elementor-container elementor-column-gap-default\">\n\t\t\t\t\t<div class=\"elementor-column elementor-col-33 elementor-inner-column elementor-element elementor-element-f317025\" data-id=\"f317025\" data-element_type=\"column\" data-e-type=\"column\">\n\t\t\t<div class=\"elementor-widget-wrap elementor-element-populated\">\n\t\t\t\t\t\t<div class=\"elementor-element elementor-element-782b2fb7 elementor-invisible elementor-widget elementor-widget-image\" data-id=\"782b2fb7\" data-element_type=\"widget\" data-e-type=\"widget\" data-settings=\"{&quot;_animation&quot;:&quot;fadeInUp&quot;}\" data-widget_type=\"image.default\">\n\t\t\t\t<div class=\"elementor-widget-container\">\n\t\t\t\t\t\t\t\t\t\t\t\t\t\t\t<img decoding=\"async\" src=\"https:\/\/chuecadiversa.es\/wp-content\/uploads\/elementor\/thumbs\/CALLE-FUENCARRAL-r4dchqq25yu9iovxiv5geoppm2pj1r48s30kem67bc.webp\" title=\"CALLE-FUENCARRAL.png\" alt=\"CALLE-FUENCARRAL.png\" loading=\"lazy\" \/>\t\t\t\t\t\t\t\t\t\t\t\t\t\t\t<\/div>\n\t\t\t\t<\/div>\n\t\t\t\t\t<\/div>\n\t\t<\/div>\n\t\t\t\t<div class=\"elementor-column elementor-col-66 elementor-inner-column elementor-element elementor-element-1dfea4c7\" data-id=\"1dfea4c7\" data-element_type=\"column\" data-e-type=\"column\">\n\t\t\t<div class=\"elementor-widget-wrap elementor-element-populated\">\n\t\t\t\t\t\t<div class=\"elementor-element elementor-element-1ddc828e elementor-invisible elementor-widget elementor-widget-heading\" data-id=\"1ddc828e\" data-element_type=\"widget\" data-e-type=\"widget\" data-settings=\"{&quot;_animation&quot;:&quot;fadeInUp&quot;,&quot;_animation_delay&quot;:200}\" data-widget_type=\"heading.default\">\n\t\t\t\t<div class=\"elementor-widget-container\">\n\t\t\t\t\t<h2 class=\"elementor-heading-title elementor-size-default\">Fuencarral Street<\/h2>\t\t\t\t<\/div>\n\t\t\t\t<\/div>\n\t\t\t\t<div class=\"elementor-element elementor-element-5c03127b elementor-invisible elementor-widget elementor-widget-text-editor\" data-id=\"5c03127b\" data-element_type=\"widget\" data-e-type=\"widget\" data-settings=\"{&quot;_animation&quot;:&quot;fadeInUp&quot;,&quot;_animation_delay&quot;:400}\" data-widget_type=\"text-editor.default\">\n\t\t\t\t<div class=\"elementor-widget-container\">\n\t\t\t\t\t\t\t\t\t<p>Fuencarral Street is one of the most modern streets of Madrid, here many of the most cutting-edge and avant-garde fashion stores of the moment meet and at any time of the day it is full of vitality.<\/p><p>It is the central axis of a large shopping area that stretches from Malasa\u00f1a to Chueca and began to emerge in the late nineties around the Fuencarral Market, a space of culture, fashion and alternative and independent style, which closed its doors in 2015 and where the Decathlon sports store is currently located.<\/p><p>Currently, through it, we find stores of some of the major fashion brands such as Mango, Cos, Pepe Jeans, Diesel, Antony Morato, Guess, Kiehl&#8217;s, Lush, El Ganso, Levis or Calvin Klein. Its avant-garde and colorful shop windows show tattoo and piercing stores, shoes, perfumes, fashion and accessories. You will also find the San Ildefonso Market where you can taste and enjoy gastronomy at its best.  <\/p><p>Fuencarral street joins Gran V\u00eda street with Chamber\u00ed neighborhood through a long stretch that is considered one of the most bustling points of Madrid, since it concentrates a multitude of stores and restaurants. In its surroundings we find many vintage clothing stores where they are mixed with the latest trends, classic cafes or markets that coexist with cultural spaces such as the Telefonica Foundation Space or the Museum of History. As if that were not enough, it is one of the most frequented areas in Madrid&#8217;s nightlife, with a multitude of pubs and bars.  <\/p>\t\t\t\t\t\t\t\t<\/div>\n\t\t\t\t<\/div>\n\t\t\t\t\t<\/div>\n\t\t<\/div>\n\t\t\t\t\t<\/div>\n\t\t<\/section>\n\t\t\t\t<section class=\"elementor-section elementor-inner-section elementor-element elementor-element-6063301 elementor-section-boxed elementor-section-height-default elementor-section-height-default\" data-id=\"6063301\" data-element_type=\"section\" data-e-type=\"section\" data-settings=\"{&quot;jet_parallax_layout_list&quot;:[]}\">\n\t\t\t\t\t\t<div class=\"elementor-container elementor-column-gap-default\">\n\t\t\t\t\t<div class=\"elementor-column elementor-col-66 elementor-inner-column elementor-element elementor-element-40c64b4a\" data-id=\"40c64b4a\" data-element_type=\"column\" data-e-type=\"column\">\n\t\t\t<div class=\"elementor-widget-wrap elementor-element-populated\">\n\t\t\t\t\t\t<div class=\"elementor-element elementor-element-20e4ca9b elementor-invisible elementor-widget elementor-widget-heading\" data-id=\"20e4ca9b\" data-element_type=\"widget\" data-e-type=\"widget\" data-settings=\"{&quot;_animation&quot;:&quot;fadeInUp&quot;,&quot;_animation_delay&quot;:200}\" data-widget_type=\"heading.default\">\n\t\t\t\t<div class=\"elementor-widget-container\">\n\t\t\t\t\t<h2 class=\"elementor-heading-title elementor-size-default\">Hortaleza Street<\/h2>\t\t\t\t<\/div>\n\t\t\t\t<\/div>\n\t\t\t\t<div class=\"elementor-element elementor-element-695297a1 elementor-invisible elementor-widget elementor-widget-text-editor\" data-id=\"695297a1\" data-element_type=\"widget\" data-e-type=\"widget\" data-settings=\"{&quot;_animation&quot;:&quot;fadeInUp&quot;,&quot;_animation_delay&quot;:400}\" data-widget_type=\"text-editor.default\">\n\t\t\t\t<div class=\"elementor-widget-container\">\n\t\t\t\t\t\t\t\t\t<p>Hortaleza street is the main entrance to the neighborhood of Chueca. The famous La Kama Caf\u00e9, the pioneer bookstore Berkana, the drag show Vu\u00e9lvete Loca by Chumina Power or the legendary restaurant Vivares and fashion stores make this street never sleeps. We can also find the headquarters of the Official College of Architects of Madrid (COAM).  <\/p>\t\t\t\t\t\t\t\t<\/div>\n\t\t\t\t<\/div>\n\t\t\t\t\t<\/div>\n\t\t<\/div>\n\t\t\t\t<div class=\"elementor-column elementor-col-33 elementor-inner-column elementor-element elementor-element-6d62bcc8\" data-id=\"6d62bcc8\" data-element_type=\"column\" data-e-type=\"column\">\n\t\t\t<div class=\"elementor-widget-wrap elementor-element-populated\">\n\t\t\t\t\t\t<div class=\"elementor-element elementor-element-109d6d00 elementor-invisible elementor-widget elementor-widget-image\" data-id=\"109d6d00\" data-element_type=\"widget\" data-e-type=\"widget\" data-settings=\"{&quot;_animation&quot;:&quot;fadeInUp&quot;}\" data-widget_type=\"image.default\">\n\t\t\t\t<div class=\"elementor-widget-container\">\n\t\t\t\t\t\t\t\t\t\t\t\t\t\t\t<img decoding=\"async\" src=\"https:\/\/chuecadiversa.es\/wp-content\/uploads\/elementor\/thumbs\/LA-KAMA-CAFE-r4dc4k1kamsgnm1finyuxihxmhp62lrsmtkd1vq0lk.webp\" title=\"LA-KAMA-CAFE.png\" alt=\"LA-KAMA-CAFE.png\" loading=\"lazy\" \/>\t\t\t\t\t\t\t\t\t\t\t\t\t\t\t<\/div>\n\t\t\t\t<\/div>\n\t\t\t\t\t<\/div>\n\t\t<\/div>\n\t\t\t\t\t<\/div>\n\t\t<\/section>\n\t\t\t\t<section class=\"elementor-section elementor-inner-section elementor-element elementor-element-66873fd0 elementor-section-boxed elementor-section-height-default elementor-section-height-default\" data-id=\"66873fd0\" data-element_type=\"section\" data-e-type=\"section\" data-settings=\"{&quot;jet_parallax_layout_list&quot;:[]}\">\n\t\t\t\t\t\t<div class=\"elementor-container elementor-column-gap-default\">\n\t\t\t\t\t<div class=\"elementor-column elementor-col-33 elementor-inner-column elementor-element elementor-element-1c348789\" data-id=\"1c348789\" data-element_type=\"column\" data-e-type=\"column\">\n\t\t\t<div class=\"elementor-widget-wrap elementor-element-populated\">\n\t\t\t\t\t\t<div class=\"elementor-element elementor-element-6709f40b elementor-invisible elementor-widget elementor-widget-image\" data-id=\"6709f40b\" data-element_type=\"widget\" data-e-type=\"widget\" data-settings=\"{&quot;_animation&quot;:&quot;fadeInUp&quot;}\" data-widget_type=\"image.default\">\n\t\t\t\t<div class=\"elementor-widget-container\">\n\t\t\t\t\t\t\t\t\t\t\t\t\t\t\t<img decoding=\"async\" src=\"https:\/\/chuecadiversa.es\/wp-content\/uploads\/elementor\/thumbs\/CALLE-DE-PELAYO-r4dc3yf9xfyv8kwu0wmfu5ybymnq5kdyvuk70im2ko.webp\" title=\"CALLE-DE-PELAYO.png\" alt=\"CALLE-DE-PELAYO.png\" loading=\"lazy\" \/>\t\t\t\t\t\t\t\t\t\t\t\t\t\t\t<\/div>\n\t\t\t\t<\/div>\n\t\t\t\t\t<\/div>\n\t\t<\/div>\n\t\t\t\t<div class=\"elementor-column elementor-col-66 elementor-inner-column elementor-element elementor-element-2b926133\" data-id=\"2b926133\" data-element_type=\"column\" data-e-type=\"column\">\n\t\t\t<div class=\"elementor-widget-wrap elementor-element-populated\">\n\t\t\t\t\t\t<div class=\"elementor-element elementor-element-74cb780 elementor-invisible elementor-widget elementor-widget-heading\" data-id=\"74cb780\" data-element_type=\"widget\" data-e-type=\"widget\" data-settings=\"{&quot;_animation&quot;:&quot;fadeInUp&quot;,&quot;_animation_delay&quot;:200}\" data-widget_type=\"heading.default\">\n\t\t\t\t<div class=\"elementor-widget-container\">\n\t\t\t\t\t<h2 class=\"elementor-heading-title elementor-size-default\">Pelayo Street<\/h2>\t\t\t\t<\/div>\n\t\t\t\t<\/div>\n\t\t\t\t<div class=\"elementor-element elementor-element-43b10644 elementor-invisible elementor-widget elementor-widget-text-editor\" data-id=\"43b10644\" data-element_type=\"widget\" data-e-type=\"widget\" data-settings=\"{&quot;_animation&quot;:&quot;fadeInUp&quot;,&quot;_animation_delay&quot;:400}\" data-widget_type=\"text-editor.default\">\n\t\t\t\t<div class=\"elementor-widget-container\">\n\t\t\t\t\t\t\t\t\t<p>Pelayo Street is the nerve center of Chueca&#8217;s nightlife. It is a meeting point for all LGTBI people in the capital, and serves as a place of celebration on many occasions. <\/p><p>It is one of the main streets in the neighborhood during the celebration of Madrid Pride, where every year the popular heel race takes place.<\/p><p>Throughout the year, this important street in the Chueca neighborhood is very busy for those looking for special experiences: from a decoration store, fashion, specialized bookstores, art or gastronomy, to beauty salons and hairdressers.<\/p><p>On the corner with Fernando VI we can highlight the SGAE building, emblematic for its modernist construction, the Mad is Mad art gallery, the Dlirio Live cocktail bar, the A different Life and Nakama Lib bookstores, the mythical LL Bar, the Gonz\u00e1lez&amp;Gonz\u00e1lez and Aunty B decoration stores or dinner at the Se\u00f1or.Ito restaurant.<\/p>\t\t\t\t\t\t\t\t<\/div>\n\t\t\t\t<\/div>\n\t\t\t\t\t<\/div>\n\t\t<\/div>\n\t\t\t\t\t<\/div>\n\t\t<\/section>\n\t\t\t\t\t<\/div>\n\t\t<\/div>\n\t\t\t\t\t<\/div>\n\t\t<\/section>\n\t\t\t\t<section class=\"elementor-section elementor-top-section elementor-element elementor-element-4173d685 elementor-section-boxed elementor-section-height-default elementor-section-height-default elementor-invisible\" data-id=\"4173d685\" data-element_type=\"section\" data-e-type=\"section\" data-settings=\"{&quot;animation&quot;:&quot;fadeIn&quot;,&quot;jet_parallax_layout_list&quot;:[]}\">\n\t\t\t\t\t\t<div class=\"elementor-container elementor-column-gap-default\">\n\t\t\t\t\t<div class=\"elementor-column elementor-col-100 elementor-top-column elementor-element elementor-element-5f0c576\" data-id=\"5f0c576\" data-element_type=\"column\" data-e-type=\"column\" data-settings=\"{&quot;background_background&quot;:&quot;classic&quot;}\">\n\t\t\t<div class=\"elementor-widget-wrap elementor-element-populated\">\n\t\t\t\t\t\t<section class=\"elementor-section elementor-inner-section elementor-element elementor-element-37cc0919 elementor-section-boxed elementor-section-height-default elementor-section-height-default\" data-id=\"37cc0919\" data-element_type=\"section\" data-e-type=\"section\" data-settings=\"{&quot;jet_parallax_layout_list&quot;:[]}\">\n\t\t\t\t\t\t<div class=\"elementor-container elementor-column-gap-default\">\n\t\t\t\t\t<div class=\"elementor-column elementor-col-50 elementor-inner-column elementor-element elementor-element-61d3d793\" data-id=\"61d3d793\" data-element_type=\"column\" data-e-type=\"column\">\n\t\t\t<div class=\"elementor-widget-wrap elementor-element-populated\">\n\t\t\t\t\t\t<div class=\"elementor-element elementor-element-43c01f72 elementor-invisible elementor-widget elementor-widget-text-editor\" data-id=\"43c01f72\" data-element_type=\"widget\" data-e-type=\"widget\" data-settings=\"{&quot;_animation&quot;:&quot;fadeInUp&quot;}\" data-widget_type=\"text-editor.default\">\n\t\t\t\t<div class=\"elementor-widget-container\">\n\t\t\t\t\t\t\t\t\t<p>Diverse Chueca<\/p>\t\t\t\t\t\t\t\t<\/div>\n\t\t\t\t<\/div>\n\t\t\t\t<div class=\"elementor-element elementor-element-61c400a2 elementor-invisible elementor-widget elementor-widget-heading\" data-id=\"61c400a2\" data-element_type=\"widget\" data-e-type=\"widget\" data-settings=\"{&quot;_animation&quot;:&quot;fadeInUp&quot;,&quot;_animation_delay&quot;:200}\" data-widget_type=\"heading.default\">\n\t\t\t\t<div class=\"elementor-widget-container\">\n\t\t\t\t\t<h2 class=\"elementor-heading-title elementor-size-default\">Company directory<\/h2>\t\t\t\t<\/div>\n\t\t\t\t<\/div>\n\t\t\t\t<div class=\"elementor-element elementor-element-44bdfdf5 elementor-invisible elementor-widget elementor-widget-text-editor\" data-id=\"44bdfdf5\" data-element_type=\"widget\" data-e-type=\"widget\" data-settings=\"{&quot;_animation&quot;:&quot;fadeInUp&quot;,&quot;_animation_delay&quot;:400}\" data-widget_type=\"text-editor.default\">\n\t\t\t\t<div class=\"elementor-widget-container\">\n\t\t\t\t\t\t\t\t\t<p>Discover our LGTBIQ+ Business Guide<\/p>\t\t\t\t\t\t\t\t<\/div>\n\t\t\t\t<\/div>\n\t\t\t\t\t<\/div>\n\t\t<\/div>\n\t\t\t\t<div class=\"elementor-column elementor-col-50 elementor-inner-column elementor-element elementor-element-363c5f0d\" data-id=\"363c5f0d\" data-element_type=\"column\" data-e-type=\"column\">\n\t\t\t<div class=\"elementor-widget-wrap elementor-element-populated\">\n\t\t\t\t\t\t<div class=\"elementor-element elementor-element-7b575f2e elementor-align-center elementor-tablet-align-right elementor-mobile-align-center elementor-invisible elementor-widget elementor-widget-button\" data-id=\"7b575f2e\" data-element_type=\"widget\" data-e-type=\"widget\" data-settings=\"{&quot;_animation&quot;:&quot;fadeInUp&quot;,&quot;_animation_delay&quot;:800}\" data-widget_type=\"button.default\">\n\t\t\t\t<div class=\"elementor-widget-container\">\n\t\t\t\t\t\t\t\t\t<div class=\"elementor-button-wrapper\">\n\t\t\t\t\t<a class=\"elementor-button elementor-button-link elementor-size-sm\" href=\"https:\/\/chuecadiversa.es\/guia\/\">\n\t\t\t\t\t\t<span class=\"elementor-button-content-wrapper\">\n\t\t\t\t\t\t\t\t\t<span class=\"elementor-button-text\">LGTBIQ+ Guide<\/span>\n\t\t\t\t\t<\/span>\n\t\t\t\t\t<\/a>\n\t\t\t\t<\/div>\n\t\t\t\t\t\t\t\t<\/div>\n\t\t\t\t<\/div>\n\t\t\t\t\t<\/div>\n\t\t<\/div>\n\t\t\t\t\t<\/div>\n\t\t<\/section>\n\t\t\t\t\t<\/div>\n\t\t<\/div>\n\t\t\t\t\t<\/div>\n\t\t<\/section>\n\t\t\t\t<section class=\"elementor-section elementor-top-section elementor-element elementor-element-b4ef2fc elementor-section-boxed elementor-section-height-default elementor-section-height-default\" data-id=\"b4ef2fc\" data-element_type=\"section\" data-e-type=\"section\" data-settings=\"{&quot;jet_parallax_layout_list&quot;:[]}\">\n\t\t\t\t\t\t<div class=\"elementor-container elementor-column-gap-default\">\n\t\t\t\t\t<div class=\"elementor-column elementor-col-100 elementor-top-column elementor-element elementor-element-183034cf\" data-id=\"183034cf\" data-element_type=\"column\" data-e-type=\"column\">\n\t\t\t<div class=\"elementor-widget-wrap elementor-element-populated\">\n\t\t\t\t\t\t<section class=\"elementor-section elementor-inner-section elementor-element elementor-element-61b2bb8e elementor-section-boxed elementor-section-height-default elementor-section-height-default\" data-id=\"61b2bb8e\" data-element_type=\"section\" data-e-type=\"section\" data-settings=\"{&quot;jet_parallax_layout_list&quot;:[]}\">\n\t\t\t\t\t\t<div class=\"elementor-container elementor-column-gap-default\">\n\t\t\t\t\t<div class=\"elementor-column elementor-col-33 elementor-inner-column elementor-element elementor-element-2dbe2b71\" data-id=\"2dbe2b71\" data-element_type=\"column\" data-e-type=\"column\">\n\t\t\t<div class=\"elementor-widget-wrap elementor-element-populated\">\n\t\t\t\t\t\t<div class=\"elementor-element elementor-element-3d6de7f0 elementor-invisible elementor-widget elementor-widget-image\" data-id=\"3d6de7f0\" data-element_type=\"widget\" data-e-type=\"widget\" data-settings=\"{&quot;_animation&quot;:&quot;fadeInUp&quot;}\" data-widget_type=\"image.default\">\n\t\t\t\t<div class=\"elementor-widget-container\">\n\t\t\t\t\t\t\t\t\t\t\t\t\t\t\t<img decoding=\"async\" src=\"https:\/\/chuecadiversa.es\/wp-content\/uploads\/elementor\/thumbs\/CASA-7-CHIMINEAS-e1648036857868-r4dc3fmi4r94sdo52ohwgap42x8dvmbc59ihezdy14.webp\" title=\"CASA-7-CHIMINEAS-e1648036857868.png\" alt=\"CASA-7-CHIMINEAS-e1648036857868.png\" loading=\"lazy\" \/>\t\t\t\t\t\t\t\t\t\t\t\t\t\t\t<\/div>\n\t\t\t\t<\/div>\n\t\t\t\t\t<\/div>\n\t\t<\/div>\n\t\t\t\t<div class=\"elementor-column elementor-col-66 elementor-inner-column elementor-element elementor-element-229a713c\" data-id=\"229a713c\" data-element_type=\"column\" data-e-type=\"column\">\n\t\t\t<div class=\"elementor-widget-wrap elementor-element-populated\">\n\t\t\t\t\t\t<div class=\"elementor-element elementor-element-51de6974 elementor-invisible elementor-widget elementor-widget-heading\" data-id=\"51de6974\" data-element_type=\"widget\" data-e-type=\"widget\" data-settings=\"{&quot;_animation&quot;:&quot;fadeInUp&quot;,&quot;_animation_delay&quot;:200}\" data-widget_type=\"heading.default\">\n\t\t\t\t<div class=\"elementor-widget-container\">\n\t\t\t\t\t<h2 class=\"elementor-heading-title elementor-size-default\">House of the 7 chimneys  <\/h2>\t\t\t\t<\/div>\n\t\t\t\t<\/div>\n\t\t\t\t<div class=\"elementor-element elementor-element-5e37d2fc elementor-invisible elementor-widget elementor-widget-text-editor\" data-id=\"5e37d2fc\" data-element_type=\"widget\" data-e-type=\"widget\" data-settings=\"{&quot;_animation&quot;:&quot;fadeInUp&quot;,&quot;_animation_delay&quot;:400}\" data-widget_type=\"text-editor.default\">\n\t\t\t\t<div class=\"elementor-widget-container\">\n\t\t\t\t\t\t\t\t\t<p>Located in Plaza del Rey, it is one of the few remaining examples of 16th century civil architecture in Madrid. The house of the 7 chimneys is a mansion with two floors and a hipped roof topped by seven chimneys. From these chimneys comes the name of the house and also, around them, has been originating a series of legends such as, for example, which says that the seven chimneys represent the seven deadly sins or that the house served as a prison for an illegitimate daughter of Philip II and that his spirit still lives there. On the other hand, has been the scene and witness of exception of popular uprisings such as the Mutiny of Esquilache in the eighteenth century to the origin of the feminist movement in Spain as the headquarters of the Lyceum Club Femenino in the 30&#8217;s. It has also been home to several banks, including noble residence; currently, it is one of the headquarters of the Ministry of Education and Culture, being declared in 1995 of Cultural Interest.    <\/p>\t\t\t\t\t\t\t\t<\/div>\n\t\t\t\t<\/div>\n\t\t\t\t\t<\/div>\n\t\t<\/div>\n\t\t\t\t\t<\/div>\n\t\t<\/section>\n\t\t\t\t<section class=\"elementor-section elementor-inner-section elementor-element elementor-element-6f4eac2d elementor-section-boxed elementor-section-height-default elementor-section-height-default\" data-id=\"6f4eac2d\" data-element_type=\"section\" data-e-type=\"section\" data-settings=\"{&quot;jet_parallax_layout_list&quot;:[]}\">\n\t\t\t\t\t\t<div class=\"elementor-container elementor-column-gap-default\">\n\t\t\t\t\t<div class=\"elementor-column elementor-col-66 elementor-inner-column elementor-element elementor-element-25c8902a\" data-id=\"25c8902a\" data-element_type=\"column\" data-e-type=\"column\">\n\t\t\t<div class=\"elementor-widget-wrap elementor-element-populated\">\n\t\t\t\t\t\t<div class=\"elementor-element elementor-element-264e2fe0 elementor-invisible elementor-widget elementor-widget-heading\" data-id=\"264e2fe0\" data-element_type=\"widget\" data-e-type=\"widget\" data-settings=\"{&quot;_animation&quot;:&quot;fadeInUp&quot;,&quot;_animation_delay&quot;:200}\" data-widget_type=\"heading.default\">\n\t\t\t\t<div class=\"elementor-widget-container\">\n\t\t\t\t\t<h2 class=\"elementor-heading-title elementor-size-default\">Museum of Romanticism  <\/h2>\t\t\t\t<\/div>\n\t\t\t\t<\/div>\n\t\t\t\t<div class=\"elementor-element elementor-element-1318237d elementor-invisible elementor-widget elementor-widget-text-editor\" data-id=\"1318237d\" data-element_type=\"widget\" data-e-type=\"widget\" data-settings=\"{&quot;_animation&quot;:&quot;fadeInUp&quot;,&quot;_animation_delay&quot;:400}\" data-widget_type=\"text-editor.default\">\n\t\t\t\t<div class=\"elementor-widget-container\">\n\t\t\t\t\t\t\t\t\t<p>The former palace of the Marquis of Matallana, built in 1776, houses an interesting collection of paintings, furniture and decorative arts of the nineteenth century, which recreates the daily life and customs of the gentry during Romanticism. During the visit, the public can learn what society was like during this historical period, as well as who were the main protagonists of this cultural movement in Spain. Inside, we can find works by Goya, Esquivel, Madrazo&#8230;  <\/p><p>13 San Mateo Street<\/p>\t\t\t\t\t\t\t\t<\/div>\n\t\t\t\t<\/div>\n\t\t\t\t\t<\/div>\n\t\t<\/div>\n\t\t\t\t<div class=\"elementor-column elementor-col-33 elementor-inner-column elementor-element elementor-element-20bcd961\" data-id=\"20bcd961\" data-element_type=\"column\" data-e-type=\"column\">\n\t\t\t<div class=\"elementor-widget-wrap elementor-element-populated\">\n\t\t\t\t\t\t<div class=\"elementor-element elementor-element-2eadc765 elementor-invisible elementor-widget elementor-widget-image\" data-id=\"2eadc765\" data-element_type=\"widget\" data-e-type=\"widget\" data-settings=\"{&quot;_animation&quot;:&quot;fadeInUp&quot;}\" data-widget_type=\"image.default\">\n\t\t\t\t<div class=\"elementor-widget-container\">\n\t\t\t\t\t\t\t\t\t\t\t\t\t\t\t<img decoding=\"async\" src=\"https:\/\/chuecadiversa.es\/wp-content\/uploads\/elementor\/thumbs\/MUSEO-ROMANTICISMO-r4dc2uy1yegtoyi6ffk3xfwz0g2b6a18qf5suw8lu0.webp\" title=\"MUSEO-ROMANTICISMO.png\" alt=\"MUSEO-ROMANTICISMO.png\" loading=\"lazy\" \/>\t\t\t\t\t\t\t\t\t\t\t\t\t\t\t<\/div>\n\t\t\t\t<\/div>\n\t\t\t\t\t<\/div>\n\t\t<\/div>\n\t\t\t\t\t<\/div>\n\t\t<\/section>\n\t\t\t\t<section class=\"elementor-section elementor-inner-section elementor-element elementor-element-5745a3f7 elementor-section-boxed elementor-section-height-default elementor-section-height-default\" data-id=\"5745a3f7\" data-element_type=\"section\" data-e-type=\"section\" data-settings=\"{&quot;jet_parallax_layout_list&quot;:[]}\">\n\t\t\t\t\t\t<div class=\"elementor-container elementor-column-gap-default\">\n\t\t\t\t\t<div class=\"elementor-column elementor-col-33 elementor-inner-column elementor-element elementor-element-65b10589\" data-id=\"65b10589\" data-element_type=\"column\" data-e-type=\"column\">\n\t\t\t<div class=\"elementor-widget-wrap elementor-element-populated\">\n\t\t\t\t\t\t<div class=\"elementor-element elementor-element-79937621 elementor-invisible elementor-widget elementor-widget-image\" data-id=\"79937621\" data-element_type=\"widget\" data-e-type=\"widget\" data-settings=\"{&quot;_animation&quot;:&quot;fadeInUp&quot;}\" data-widget_type=\"image.default\">\n\t\t\t\t<div class=\"elementor-widget-container\">\n\t\t\t\t\t\t\t\t\t\t\t\t\t\t\t<img decoding=\"async\" src=\"https:\/\/chuecadiversa.es\/wp-content\/uploads\/elementor\/thumbs\/IGLESIA-SAN-ANTON-r4dc2eysq7uy7l5e0qng91y4ww92jf9t082jp6wars.webp\" title=\"IGLESIA-SAN-ANTON.jpg\" alt=\"IGLESIA-SAN-ANTON.jpg\" loading=\"lazy\" \/>\t\t\t\t\t\t\t\t\t\t\t\t\t\t\t<\/div>\n\t\t\t\t<\/div>\n\t\t\t\t\t<\/div>\n\t\t<\/div>\n\t\t\t\t<div class=\"elementor-column elementor-col-66 elementor-inner-column elementor-element elementor-element-7db8707f\" data-id=\"7db8707f\" data-element_type=\"column\" data-e-type=\"column\">\n\t\t\t<div class=\"elementor-widget-wrap elementor-element-populated\">\n\t\t\t\t\t\t<div class=\"elementor-element elementor-element-785026a9 elementor-invisible elementor-widget elementor-widget-heading\" data-id=\"785026a9\" data-element_type=\"widget\" data-e-type=\"widget\" data-settings=\"{&quot;_animation&quot;:&quot;fadeInUp&quot;,&quot;_animation_delay&quot;:200}\" data-widget_type=\"heading.default\">\n\t\t\t\t<div class=\"elementor-widget-container\">\n\t\t\t\t\t<h2 class=\"elementor-heading-title elementor-size-default\">San Ant\u00f3n Church  <\/h2>\t\t\t\t<\/div>\n\t\t\t\t<\/div>\n\t\t\t\t<div class=\"elementor-element elementor-element-3daba760 elementor-invisible elementor-widget elementor-widget-text-editor\" data-id=\"3daba760\" data-element_type=\"widget\" data-e-type=\"widget\" data-settings=\"{&quot;_animation&quot;:&quot;fadeInUp&quot;,&quot;_animation_delay&quot;:400}\" data-widget_type=\"text-editor.default\">\n\t\t\t\t<div class=\"elementor-widget-container\">\n\t\t\t\t\t\t\t\t\t<p>Also known as the Real Iglesia de San Ant\u00f3n or Real Iglesia de las Escuelas P\u00edas de San Ant\u00f3n, it is a baroque temple that commemorates the popular festival of San Ant\u00f3n, in which pets are blessed. Managed since 2015 by Mensajeros de la Paz, the church has an extensive program of social and religious activities, as well as services to help those most in need. <\/p><p>Calle de Hortaleza, 63<\/p>\t\t\t\t\t\t\t\t<\/div>\n\t\t\t\t<\/div>\n\t\t\t\t\t<\/div>\n\t\t<\/div>\n\t\t\t\t\t<\/div>\n\t\t<\/section>\n\t\t\t\t<section class=\"elementor-section elementor-inner-section elementor-element elementor-element-219325b5 elementor-section-boxed elementor-section-height-default elementor-section-height-default\" data-id=\"219325b5\" data-element_type=\"section\" data-e-type=\"section\" data-settings=\"{&quot;jet_parallax_layout_list&quot;:[]}\">\n\t\t\t\t\t\t<div class=\"elementor-container elementor-column-gap-default\">\n\t\t\t\t\t<div class=\"elementor-column elementor-col-66 elementor-inner-column elementor-element elementor-element-6791e329\" data-id=\"6791e329\" data-element_type=\"column\" data-e-type=\"column\">\n\t\t\t<div class=\"elementor-widget-wrap elementor-element-populated\">\n\t\t\t\t\t\t<div class=\"elementor-element elementor-element-3d6d96b9 elementor-invisible elementor-widget elementor-widget-heading\" data-id=\"3d6d96b9\" data-element_type=\"widget\" data-e-type=\"widget\" data-settings=\"{&quot;_animation&quot;:&quot;fadeInUp&quot;,&quot;_animation_delay&quot;:200}\" data-widget_type=\"heading.default\">\n\t\t\t\t<div class=\"elementor-widget-container\">\n\t\t\t\t\t<h2 class=\"elementor-heading-title elementor-size-default\">SGAE Building  <\/h2>\t\t\t\t<\/div>\n\t\t\t\t<\/div>\n\t\t\t\t<div class=\"elementor-element elementor-element-5d59bac6 elementor-invisible elementor-widget elementor-widget-text-editor\" data-id=\"5d59bac6\" data-element_type=\"widget\" data-e-type=\"widget\" data-settings=\"{&quot;_animation&quot;:&quot;fadeInUp&quot;,&quot;_animation_delay&quot;:400}\" data-widget_type=\"text-editor.default\">\n\t\t\t\t<div class=\"elementor-widget-container\">\n\t\t\t\t\t\t\t\t\t<p>The headquarters of the Sociedad General de Autores (SGAE) is known for being one of the few purely modernist buildings in Madrid; in fact, this emblematic building is famous for its luxurious and ornate exterior. The SGAE is an institution whose function is to defend the author and publisher by managing the rights of reproduction, distribution and public communication of literary, musical, theatrical, cinematographic and audiovisual works.   <\/p><p><strong> <\/strong>Fernando VI Street, 4<\/p>\t\t\t\t\t\t\t\t<\/div>\n\t\t\t\t<\/div>\n\t\t\t\t\t<\/div>\n\t\t<\/div>\n\t\t\t\t<div class=\"elementor-column elementor-col-33 elementor-inner-column elementor-element elementor-element-44fe666d\" data-id=\"44fe666d\" data-element_type=\"column\" data-e-type=\"column\">\n\t\t\t<div class=\"elementor-widget-wrap elementor-element-populated\">\n\t\t\t\t\t\t<div class=\"elementor-element elementor-element-385f71f elementor-invisible elementor-widget elementor-widget-image\" data-id=\"385f71f\" data-element_type=\"widget\" data-e-type=\"widget\" data-settings=\"{&quot;_animation&quot;:&quot;fadeInUp&quot;}\" data-widget_type=\"image.default\">\n\t\t\t\t<div class=\"elementor-widget-container\">\n\t\t\t\t\t\t\t\t\t\t\t\t\t\t\t<img decoding=\"async\" src=\"https:\/\/chuecadiversa.es\/wp-content\/uploads\/elementor\/thumbs\/EDIFICIO-SGAE-r4dc1seo6702gy25ogwel7n2nnc9eos8x4ew6jtqx4.webp\" title=\"EDIFICIO-SGAE.png\" alt=\"EDIFICIO-SGAE.png\" loading=\"lazy\" \/>\t\t\t\t\t\t\t\t\t\t\t\t\t\t\t<\/div>\n\t\t\t\t<\/div>\n\t\t\t\t\t<\/div>\n\t\t<\/div>\n\t\t\t\t\t<\/div>\n\t\t<\/section>\n\t\t\t\t<section class=\"elementor-section elementor-inner-section elementor-element elementor-element-23772448 elementor-section-boxed elementor-section-height-default elementor-section-height-default\" data-id=\"23772448\" data-element_type=\"section\" data-e-type=\"section\" data-settings=\"{&quot;jet_parallax_layout_list&quot;:[]}\">\n\t\t\t\t\t\t<div class=\"elementor-container elementor-column-gap-default\">\n\t\t\t\t\t<div class=\"elementor-column elementor-col-33 elementor-inner-column elementor-element elementor-element-2baaa114\" data-id=\"2baaa114\" data-element_type=\"column\" data-e-type=\"column\">\n\t\t\t<div class=\"elementor-widget-wrap elementor-element-populated\">\n\t\t\t\t\t\t<div class=\"elementor-element elementor-element-25216beb elementor-invisible elementor-widget elementor-widget-image\" data-id=\"25216beb\" data-element_type=\"widget\" data-e-type=\"widget\" data-settings=\"{&quot;_animation&quot;:&quot;fadeInUp&quot;}\" data-widget_type=\"image.default\">\n\t\t\t\t<div class=\"elementor-widget-container\">\n\t\t\t\t\t\t\t\t\t\t\t\t\t\t\t<img decoding=\"async\" src=\"https:\/\/chuecadiversa.es\/wp-content\/uploads\/elementor\/thumbs\/VINETA-MUSEO-HISTORIA--r4dc19lwdiac0qtgq8rv7cdurxwx4qpm6jd6l0lmdk.webp\" title=\"VINETA-MUSEO-HISTORIA-.png\" alt=\"VINETA-MUSEO-HISTORIA-.png\" loading=\"lazy\" \/>\t\t\t\t\t\t\t\t\t\t\t\t\t\t\t<\/div>\n\t\t\t\t<\/div>\n\t\t\t\t\t<\/div>\n\t\t<\/div>\n\t\t\t\t<div class=\"elementor-column elementor-col-66 elementor-inner-column elementor-element elementor-element-35e1d69a\" data-id=\"35e1d69a\" data-element_type=\"column\" data-e-type=\"column\">\n\t\t\t<div class=\"elementor-widget-wrap elementor-element-populated\">\n\t\t\t\t\t\t<div class=\"elementor-element elementor-element-6f1f35e5 elementor-invisible elementor-widget elementor-widget-heading\" data-id=\"6f1f35e5\" data-element_type=\"widget\" data-e-type=\"widget\" data-settings=\"{&quot;_animation&quot;:&quot;fadeInUp&quot;,&quot;_animation_delay&quot;:200}\" data-widget_type=\"heading.default\">\n\t\t\t\t<div class=\"elementor-widget-container\">\n\t\t\t\t\t<h2 class=\"elementor-heading-title elementor-size-default\">Madrid History Museum  <\/h2>\t\t\t\t<\/div>\n\t\t\t\t<\/div>\n\t\t\t\t<div class=\"elementor-element elementor-element-12ab484f elementor-invisible elementor-widget elementor-widget-text-editor\" data-id=\"12ab484f\" data-element_type=\"widget\" data-e-type=\"widget\" data-settings=\"{&quot;_animation&quot;:&quot;fadeInUp&quot;,&quot;_animation_delay&quot;:400}\" data-widget_type=\"text-editor.default\">\n\t\t\t\t<div class=\"elementor-widget-container\">\n\t\t\t\t\t\t\t\t\t<p><strong>Former hospice of San Fernando, this museum exhibits one of the best examples of the historical evolution of Madrid and offers an overview of the arts, industries, daily life and customs of its inhabitants since it was elected capital of Spain in 1561 to the present day. At present, it brings together   <\/strong>60,000 objects of various kinds related to Madrid; it even has a chapel inside, where concerts and conferences are held.<\/p><p>78 Fuencarral Street<\/p>\t\t\t\t\t\t\t\t<\/div>\n\t\t\t\t<\/div>\n\t\t\t\t\t<\/div>\n\t\t<\/div>\n\t\t\t\t\t<\/div>\n\t\t<\/section>\n\t\t\t\t<section class=\"elementor-section elementor-inner-section elementor-element elementor-element-4e48a6c6 elementor-section-boxed elementor-section-height-default elementor-section-height-default\" data-id=\"4e48a6c6\" data-element_type=\"section\" data-e-type=\"section\" data-settings=\"{&quot;jet_parallax_layout_list&quot;:[]}\">\n\t\t\t\t\t\t<div class=\"elementor-container elementor-column-gap-default\">\n\t\t\t\t\t<div class=\"elementor-column elementor-col-66 elementor-inner-column elementor-element elementor-element-ffc5cde\" data-id=\"ffc5cde\" data-element_type=\"column\" data-e-type=\"column\">\n\t\t\t<div class=\"elementor-widget-wrap elementor-element-populated\">\n\t\t\t\t\t\t<div class=\"elementor-element elementor-element-97dba7c elementor-invisible elementor-widget elementor-widget-heading\" data-id=\"97dba7c\" data-element_type=\"widget\" data-e-type=\"widget\" data-settings=\"{&quot;_animation&quot;:&quot;fadeInUp&quot;,&quot;_animation_delay&quot;:200}\" data-widget_type=\"heading.default\">\n\t\t\t\t<div class=\"elementor-widget-container\">\n\t\t\t\t\t<h2 class=\"elementor-heading-title elementor-size-default\">King's Square  <\/h2>\t\t\t\t<\/div>\n\t\t\t\t<\/div>\n\t\t\t\t<div class=\"elementor-element elementor-element-4475ee35 elementor-invisible elementor-widget elementor-widget-text-editor\" data-id=\"4475ee35\" data-element_type=\"widget\" data-e-type=\"widget\" data-settings=\"{&quot;_animation&quot;:&quot;fadeInUp&quot;,&quot;_animation_delay&quot;:400}\" data-widget_type=\"text-editor.default\">\n\t\t\t\t<div class=\"elementor-widget-container\">\n\t\t\t\t\t\t\t\t\t<p>This square, located in the heart of the Chueca neighborhood, is named in honor of the proclamation by the people of Madrid in 1808 to <a href=\"https:\/\/es.wikipedia.org\/wiki\/Fernando_VII_de_Espa%C3%B1a\">Ferdinand VII<\/a> as king of Spain. In the middle of the square, a statue is erected in honor of Lieutenant <a href=\"https:\/\/es.wikipedia.org\/wiki\/Jacinto_Ruiz_y_Mendoza\">Jacinto Ruiz y Mendoza<\/a>, one of the leaders of the resistance during the <a href=\"https:\/\/es.wikipedia.org\/wiki\/Levantamiento_del_2_de_mayo_de_1808\">uprising of May 2, 1808<\/a> in Madrid. <\/p><p>King&#8217;s Square<\/p>\t\t\t\t\t\t\t\t<\/div>\n\t\t\t\t<\/div>\n\t\t\t\t\t<\/div>\n\t\t<\/div>\n\t\t\t\t<div class=\"elementor-column elementor-col-33 elementor-inner-column elementor-element elementor-element-462c3bbc\" data-id=\"462c3bbc\" data-element_type=\"column\" data-e-type=\"column\">\n\t\t\t<div class=\"elementor-widget-wrap elementor-element-populated\">\n\t\t\t\t\t\t<div class=\"elementor-element elementor-element-241ddffd elementor-invisible elementor-widget elementor-widget-image\" data-id=\"241ddffd\" data-element_type=\"widget\" data-e-type=\"widget\" data-settings=\"{&quot;_animation&quot;:&quot;fadeInUp&quot;}\" data-widget_type=\"image.default\">\n\t\t\t\t<div class=\"elementor-widget-container\">\n\t\t\t\t\t\t\t\t\t\t\t\t\t\t\t<img decoding=\"async\" src=\"https:\/\/chuecadiversa.es\/wp-content\/uploads\/elementor\/thumbs\/PLAZA-DEL-REY-MENINA-r4dc0rqyrnlvw5jemj1ydyw3hmcy2hqps2yygrc3ns.webp\" title=\"PLAZA-DEL-REY-MENINA.png\" alt=\"PLAZA-DEL-REY-MENINA.png\" loading=\"lazy\" \/>\t\t\t\t\t\t\t\t\t\t\t\t\t\t\t<\/div>\n\t\t\t\t<\/div>\n\t\t\t\t\t<\/div>\n\t\t<\/div>\n\t\t\t\t\t<\/div>\n\t\t<\/section>\n\t\t\t\t\t<\/div>\n\t\t<\/div>\n\t\t\t\t\t<\/div>\n\t\t<\/section>\n\t\t\t\t<\/div>\n\t\t","protected":false},"excerpt":{"rendered":"<p>Its name alone evokes freedom and welcome. Chueca is much more than a neighborhood, it is a reference point for the LGTBI+ movement worldwide. Here began a trend towards visibility that is now unstoppable, a way of life based on respect.  <\/p>\n","protected":false},"author":1,"featured_media":3712,"parent":0,"menu_order":0,"comment_status":"closed","ping_status":"closed","template":"","meta":{"footnotes":""},"class_list":["post-4321","page","type-page","status-publish","has-post-thumbnail","hentry"],"_links":{"self":[{"href":"https:\/\/chuecadiversa.es\/en\/wp-json\/wp\/v2\/pages\/4321","targetHints":{"allow":["GET"]}}],"collection":[{"href":"https:\/\/chuecadiversa.es\/en\/wp-json\/wp\/v2\/pages"}],"about":[{"href":"https:\/\/chuecadiversa.es\/en\/wp-json\/wp\/v2\/types\/page"}],"author":[{"embeddable":true,"href":"https:\/\/chuecadiversa.es\/en\/wp-json\/wp\/v2\/users\/1"}],"replies":[{"embeddable":true,"href":"https:\/\/chuecadiversa.es\/en\/wp-json\/wp\/v2\/comments?post=4321"}],"version-history":[{"count":0,"href":"https:\/\/chuecadiversa.es\/en\/wp-json\/wp\/v2\/pages\/4321\/revisions"}],"wp:featuredmedia":[{"embeddable":true,"href":"https:\/\/chuecadiversa.es\/en\/wp-json\/wp\/v2\/media\/3712"}],"wp:attachment":[{"href":"https:\/\/chuecadiversa.es\/en\/wp-json\/wp\/v2\/media?parent=4321"}],"curies":[{"name":"wp","href":"https:\/\/api.w.org\/{rel}","templated":true}]}}